{"id":4324,"date":"2023-11-30T00:08:24","date_gmt":"2023-11-29T21:08:24","guid":{"rendered":"https:\/\/cseimontessori.eu\/wp\/?page_id=4324"},"modified":"2026-02-28T14:49:21","modified_gmt":"2026-02-28T11:49:21","slug":"istoric","status":"publish","type":"page","link":"https:\/\/cseimontessori.eu\/wp\/despre-noi\/istoric\/","title":{"rendered":"Istoric"},"content":{"rendered":"\n<div class=\"wp-block-group alignfull has-global-padding is-layout-constrained wp-container-core-group-is-layout-b673cb31 wp-block-group-is-layout-constrained\" style=\"margin-top:0;margin-bottom:0;padding-top:var(--wp--preset--spacing--30);padding-right:var(--wp--preset--spacing--50);padding-bottom:var(--wp--preset--spacing--30);padding-left:var(--wp--preset--spacing--50)\">\n<div class=\"wp-block-group alignwide has-global-padding is-layout-constrained wp-container-core-group-is-layout-19e250f3 wp-block-group-is-layout-constrained\">\n<div class=\"wp-block-group is-vertical is-content-justification-center is-layout-flex wp-container-core-group-is-layout-6329a8f3 wp-block-group-is-layout-flex\">\n<h1 class=\"wp-block-heading has-text-align-center is-style-default has-x-large-font-size\" style=\"font-style:normal;font-weight:400\">Istoric<\/h1>\n\n\n\n<p class=\"has-text-align-center has-medium-font-size\">Deviza noastr\u0103 este&nbsp;<em>&#8222;\u0218coal\u0103 pentru fiecare&#8221;&nbsp;<\/em>de aceea asigur\u0103m participarea la educa\u021bie a tuturor copiilor, promov\u00e2nd diversitatea \u0219i egalitatea, av\u00e2nd \u00een vedere \u00eenv\u0103\u021barea individualizat\u0103.<\/p>\n<\/div>\n\n\n\n<div style=\"height:var(--wp--preset--spacing--30)\" aria-hidden=\"true\" class=\"wp-block-spacer\"><\/div>\n\n\n\n<div class=\"wp-block-columns alignwide is-layout-flex wp-container-core-columns-is-layout-47c06fe3 wp-block-columns-is-layout-flex\">\n<div class=\"wp-block-column is-vertically-aligned-center is-layout-flow wp-block-column-is-layout-flow\" style=\"flex-basis:50%\">\n<h3 class=\"wp-block-heading is-style-default has-large-font-size\">Exper\u021bi \u00een educa\u021bie de peste 50 de ani<\/h3>\n\n\n\n<p class=\"has-medium-font-size\">Unitatea a fost \u00eenfiin\u0163at\u0103 de la data de 01 septembrie 1975 la solicitarea Inspectoratului \u0218colar Jude\u021bean. <\/p>\n\n\n\n<p class=\"has-medium-font-size\">De la \u00eenfin\u0163are \u015fi p\u00e2n\u0103 la data de 01 iulie 2000 unitatea a avut \u00een administrare un internat de 180 de locuri \u015fi o cantin\u0103 pentru servirea zilnic\u0103 a mesei at\u00e2t pentru elevii caza\u0163i \u00een internatul \u015fcolii c\u00e2t \u015fi pentru cei cu regim de externi \u2013 care mergeau \u00een familie zilnic, s\u0103pt\u0103m\u00e2nal&nbsp;sau trimestrial.<\/p>\n<\/div>\n\n\n\n<div class=\"wp-block-column is-layout-flow wp-block-column-is-layout-flow\" style=\"flex-basis:50%\">\n<div class=\"wp-block-group imagebox umbra-imagine has-global-padding is-layout-constrained wp-block-group-is-layout-constrained\" style=\"border-radius:15px\">\n<figure class=\"wp-block-image size-full is-style-default\"><img loading=\"lazy\" decoding=\"async\" width=\"1600\" height=\"899\" src=\"https:\/\/cseimontessori.eu\/wp\/wp-content\/uploads\/2025\/03\/fata-scoala2025-1JPG-mic.jpg\" alt=\"\" class=\"wp-image-9929\" style=\"aspect-ratio:4\/3;object-fit:cover\" srcset=\"https:\/\/cseimontessori.eu\/wp\/wp-content\/uploads\/2025\/03\/fata-scoala2025-1JPG-mic.jpg 1600w, https:\/\/cseimontessori.eu\/wp\/wp-content\/uploads\/2025\/03\/fata-scoala2025-1JPG-mic-300x169.jpg 300w, https:\/\/cseimontessori.eu\/wp\/wp-content\/uploads\/2025\/03\/fata-scoala2025-1JPG-mic-1024x575.jpg 1024w, https:\/\/cseimontessori.eu\/wp\/wp-content\/uploads\/2025\/03\/fata-scoala2025-1JPG-mic-768x432.jpg 768w, https:\/\/cseimontessori.eu\/wp\/wp-content\/uploads\/2025\/03\/fata-scoala2025-1JPG-mic-1536x863.jpg 1536w\" sizes=\"auto, (max-width: 1600px) 100vw, 1600px\" \/><\/figure>\n<\/div>\n<\/div>\n<\/div>\n\n\n\n<div style=\"height:var(--wp--preset--spacing--40)\" aria-hidden=\"true\" class=\"wp-block-spacer\"><\/div>\n\n\n\n<div class=\"wp-block-columns alignwide is-layout-flex wp-container-core-columns-is-layout-47c06fe3 wp-block-columns-is-layout-flex\">\n<div class=\"wp-block-column is-layout-flow wp-block-column-is-layout-flow\" style=\"flex-basis:50%\">\n<div class=\"wp-block-group imagebox umbra-imagine has-global-padding is-layout-constrained wp-block-group-is-layout-constrained\" style=\"border-radius:15px\">\n<figure class=\"wp-block-image size-large is-style-default\"><img loading=\"lazy\" decoding=\"async\" width=\"1024\" height=\"461\" src=\"https:\/\/cseimontessori.eu\/wp\/wp-content\/uploads\/2023\/11\/gradina-senzoriala-1024x461.jpg\" alt=\"\" class=\"wp-image-3740\" style=\"aspect-ratio:4\/3;object-fit:cover\" srcset=\"https:\/\/cseimontessori.eu\/wp\/wp-content\/uploads\/2023\/11\/gradina-senzoriala-1024x461.jpg 1024w, https:\/\/cseimontessori.eu\/wp\/wp-content\/uploads\/2023\/11\/gradina-senzoriala-300x135.jpg 300w, https:\/\/cseimontessori.eu\/wp\/wp-content\/uploads\/2023\/11\/gradina-senzoriala-768x346.jpg 768w, https:\/\/cseimontessori.eu\/wp\/wp-content\/uploads\/2023\/11\/gradina-senzoriala-1536x692.jpg 1536w\" sizes=\"auto, (max-width: 1024px) 100vw, 1024px\" \/><\/figure>\n<\/div>\n<\/div>\n\n\n\n<div class=\"wp-block-column is-vertically-aligned-center is-layout-flow wp-block-column-is-layout-flow\" style=\"flex-basis:50%\">\n<p>La data de 01 iulie 2000, conform H.G. 261\/2000, Inspectoratul \u015ecolar Jude\u0163ean Constan\u0163a a predat printr-un Protocol semnat de autorit\u0103\u0163ile competente internatul \u015fi unit\u0103\u0163ile anexe (cantina \u015fi sp\u0103l\u0103torie) Direc\u0163iei Generale Jude\u0163ene pentru Protec\u0163ia Drepturilor Copilului care s-a reorganizat prin \u00eenfiin\u0163area Centrului de Plasament \u201cTraian\u201d \u00een spa\u0163iul nou preluat.<\/p>\n\n\n\n<p>\u00cen septembrie 2011 \u0219coala a fost transformat\u0103 \u00een Centrul \u0218colar pentru Educa\u021bie Incluziv\u0103 \u201eMaria Montessori\u201d, institu\u021bie ce a continuat activitatea educa\u021bional\u0103 la nivelul comunit\u0103\u021bii. <\/p>\n<\/div>\n<\/div>\n<\/div>\n<\/div>\n\n\n\n<div class=\"wp-block-cover alignfull is-light has-parallax\" style=\"padding-top:var(--wp--preset--spacing--50);padding-right:var(--wp--preset--spacing--50);padding-bottom:var(--wp--preset--spacing--50);padding-left:var(--wp--preset--spacing--50);min-height:430px;aspect-ratio:unset;\"><div class=\"wp-block-cover__image-background wp-image-4935 has-parallax\" style=\"background-position:50% 50%;background-image:url(https:\/\/cseimontessori.eu\/wp\/wp-content\/uploads\/2023\/12\/despre-noi-6.jpg)\"><\/div><span aria-hidden=\"true\" class=\"wp-block-cover__background has-background-dim-0 has-background-dim has-background-gradient\" style=\"background:linear-gradient(178deg,rgb(226,245,250) 14%,rgba(255,255,255,0) 14%,rgba(255,255,255,0) 88%,rgb(186,231,249) 88%)\"><\/span><div class=\"wp-block-cover__inner-container has-global-padding is-layout-constrained wp-container-core-cover-is-layout-e4fd886c wp-block-cover-is-layout-constrained\">\n<div style=\"height:500px\" aria-hidden=\"true\" class=\"wp-block-spacer\"><\/div>\n<\/div><\/div>\n\n\n\n<div class=\"wp-block-group alignfull has-background has-global-padding is-layout-constrained wp-container-core-group-is-layout-669513ed wp-block-group-is-layout-constrained\" style=\"background:linear-gradient(180deg,rgb(186,231,249) 79%,rgb(226,245,250) 79%);margin-top:0;margin-bottom:0;padding-top:var(--wp--preset--spacing--50);padding-right:var(--wp--preset--spacing--50);padding-bottom:var(--wp--preset--spacing--50);padding-left:var(--wp--preset--spacing--50)\">\n<div class=\"wp-block-columns alignwide is-layout-flex wp-container-core-columns-is-layout-28f84493 wp-block-columns-is-layout-flex\">\n<div class=\"wp-block-column is-layout-flow wp-block-column-is-layout-flow\" style=\"flex-basis:40%\">\n<p class=\"wp-container-content-0733e5d0\">O galerie de imagini nu este suficient\u0103..<\/p>\n<\/div>\n\n\n\n<div class=\"wp-block-column is-layout-flow wp-block-column-is-layout-flow\" style=\"flex-basis:60%\">\n<p class=\"has-heading-font-family has-large-font-size\" style=\"font-style:normal;font-weight:400;line-height:1.2\">Prin proiectele desf\u0103\u0219urate, \u0219coala noastr\u0103 a \u00eenflorit. <\/p>\n\n\n\n<p>Tot \u00een anul 2011 se finalizeaz\u0103 proiectul de extindere a \u0219colii, fiind dezvoltat complexul terapeutic ce cuprinde o ludotec\u0103, sal\u0103 de stimulare multisenzorial\u0103, o sal\u0103 de calculatoare. <\/p>\n\n\n\n<p>Proiectele mai recente s-au concretizat \u00een recondi\u021bionarea spa\u021biilor sanitare, a spa\u021biilor de joac\u0103, \u00eenfiin\u021barea \u201eGr\u0103dinii senzoriale\u201d \u0219i a \u201eTerenului de sport multifunc\u021bional\u201d, modernizarea s\u0103lilor de clas\u0103 cu mobilier \u0219i echipamente IT de ultim\u0103 genera\u021bie, dotarea cu centrale termice pentru a se asigura \u00eenc\u0103lzirea \u00een sezonul rece.<\/p>\n\n\n\n<p>\u00cen prezent \u00een unitate sunt \u015fcolariza\u0163i aproximativ 180 de elevi din ora\u015f \u015fi jude\u0163, repartiza\u0163i \u00een clase de la preg\u0103titoare p\u00e2n\u0103 la a X-a \u021bin\u00e2nd cont de particularit\u0103\u0163ile fiec\u0103ruia.<\/p>\n<\/div>\n<\/div>\n\n\n\n<div style=\"height:var(--wp--preset--spacing--40)\" aria-hidden=\"true\" class=\"wp-block-spacer\"><\/div>\n\n\n\n<div class=\"wp-block-group alignwide imagebox umbra-imagine has-global-padding is-layout-constrained wp-block-group-is-layout-constrained\" style=\"border-radius:15px\">\n<figure class=\"wp-block-gallery alignfull has-nested-images columns-default is-cropped wp-block-gallery-1 is-layout-flex wp-block-gallery-is-layout-flex\">\n<figure class=\"wp-block-image size-large\"><a href=\"https:\/\/cseimontessori.eu\/wp\/wp-content\/uploads\/2023\/12\/Centrul-Maria-Montesori-inainte-dupa.jpg\"><img loading=\"lazy\" decoding=\"async\" width=\"1024\" height=\"713\" data-id=\"5122\" src=\"https:\/\/cseimontessori.eu\/wp\/wp-content\/uploads\/2023\/12\/Centrul-Maria-Montesori-inainte-dupa-1024x713.jpg\" alt=\"C\u0218EI Montessori in 2014 vs prezent\" class=\"wp-image-5122\" srcset=\"https:\/\/cseimontessori.eu\/wp\/wp-content\/uploads\/2023\/12\/Centrul-Maria-Montesori-inainte-dupa-1024x713.jpg 1024w, https:\/\/cseimontessori.eu\/wp\/wp-content\/uploads\/2023\/12\/Centrul-Maria-Montesori-inainte-dupa-300x209.jpg 300w, https:\/\/cseimontessori.eu\/wp\/wp-content\/uploads\/2023\/12\/Centrul-Maria-Montesori-inainte-dupa-768x535.jpg 768w, https:\/\/cseimontessori.eu\/wp\/wp-content\/uploads\/2023\/12\/Centrul-Maria-Montesori-inainte-dupa.jpg 1236w\" sizes=\"auto, (max-width: 1024px) 100vw, 1024px\" \/><\/a><\/figure>\n<\/figure>\n<\/div>\n<\/div>\n\n\n\n<div class=\"wp-block-group alignfull has-global-padding is-layout-constrained wp-container-core-group-is-layout-efef38b8 wp-block-group-is-layout-constrained\" style=\"padding-top:var(--wp--preset--spacing--30);padding-right:var(--wp--preset--spacing--50);padding-bottom:var(--wp--preset--spacing--30);padding-left:var(--wp--preset--spacing--50)\">\n<div class=\"wp-block-columns alignwide is-layout-flex wp-container-core-columns-is-layout-08c01c1c wp-block-columns-is-layout-flex\">\n<div class=\"wp-block-column is-layout-flow wp-block-column-is-layout-flow\" style=\"flex-basis:33%\">\n<h2 class=\"wp-block-heading has-text-align-center has-large-font-size\">V\u0103 invit\u0103m s\u0103 descoperi\u021bi tot ce avem de oferit!<\/h2>\n<\/div>\n\n\n\n<div class=\"wp-block-column is-layout-flow wp-container-core-column-is-layout-e3d1c41b wp-block-column-is-layout-flow\">\n<div class=\"wp-block-columns is-layout-flex wp-container-core-columns-is-layout-28f84493 wp-block-columns-is-layout-flex\">\n<div class=\"wp-block-column is-vertically-aligned-top is-layout-flow wp-block-column-is-layout-flow\">\n<div class=\"wp-block-group umbra-imagine is-vertical is-content-justification-center is-nowrap is-layout-flex wp-container-core-group-is-layout-8a17b468 wp-block-group-is-layout-flex\" style=\"border-width:1px;border-radius:20px;min-height:20rem;padding-top:var(--wp--preset--spacing--10);padding-right:var(--wp--preset--spacing--10);padding-bottom:var(--wp--preset--spacing--10);padding-left:var(--wp--preset--spacing--10)\">\n<h3 class=\"wp-block-heading has-text-align-center has-medium-font-size\" style=\"font-style:normal;font-weight:700\">Personal dedicat <\/h3>\n\n\n\n<p class=\"has-text-align-center\">Echipa multidisciplinar\u0103 este format\u0103 din profesori califica\u021bi \u00een educa\u021bia special\u0103, terapeu\u021bi, logopezi, kinetoterapeu\u021bi, profesori itineran\u021bi sau de sprijin, psihologi, profesori \u00eenv\u0103\u021b\u0103m\u00e2nt la domiciliu. <\/p>\n\n\n\n<div class=\"wp-block-buttons is-content-justification-center is-layout-flex wp-container-core-buttons-is-layout-a89b3969 wp-block-buttons-is-layout-flex\">\n<div class=\"wp-block-button\"><a class=\"wp-block-button__link wp-element-button\" href=\"https:\/\/cseimontessori.eu\/wp\/resurse\/#Personal\">Personal<\/a><\/div>\n<\/div>\n<\/div>\n<\/div>\n\n\n\n<div class=\"wp-block-column is-vertically-aligned-stretch is-layout-flow wp-block-column-is-layout-flow\">\n<div class=\"wp-block-group umbra-imagine is-vertical is-content-justification-center is-nowrap is-layout-flex wp-container-core-group-is-layout-b60eeacd wp-block-group-is-layout-flex\" style=\"border-width:1px;border-radius:20px;min-height:20rem;padding-top:var(--wp--preset--spacing--10);padding-right:var(--wp--preset--spacing--10);padding-bottom:var(--wp--preset--spacing--10);padding-left:var(--wp--preset--spacing--10)\">\n<h3 class=\"wp-block-heading has-text-align-center has-medium-font-size\" style=\"font-style:normal;font-weight:700\">Baz\u0103 material\u0103 modern\u0103<\/h3>\n\n\n\n<p class=\"has-text-align-center\">Dispunem de o baza material\u0103 complex\u0103 si variat\u0103 pentru a ne sus\u021bine toate activit\u0103\u021bile ce stau la baza procesului educa\u021bional.<\/p>\n\n\n\n<div class=\"wp-block-buttons is-content-justification-center is-layout-flex wp-container-core-buttons-is-layout-a89b3969 wp-block-buttons-is-layout-flex\">\n<div class=\"wp-block-button\"><a class=\"wp-block-button__link wp-element-button\" href=\"https:\/\/cseimontessori.eu\/wp\/resurse\/#Resurse\">Resurse<\/a><\/div>\n<\/div>\n<\/div>\n<\/div>\n<\/div>\n\n\n\n<div class=\"wp-block-columns is-layout-flex wp-container-core-columns-is-layout-28f84493 wp-block-columns-is-layout-flex\">\n<div class=\"wp-block-column is-vertically-aligned-top is-layout-flow wp-block-column-is-layout-flow\">\n<div class=\"wp-block-group umbra-imagine is-vertical is-content-justification-center is-nowrap is-layout-flex wp-container-core-group-is-layout-b60eeacd wp-block-group-is-layout-flex\" style=\"border-width:1px;border-radius:20px;min-height:15rem;padding-top:var(--wp--preset--spacing--10);padding-right:var(--wp--preset--spacing--10);padding-bottom:var(--wp--preset--spacing--10);padding-left:var(--wp--preset--spacing--10)\">\n<h3 class=\"wp-block-heading has-text-align-center has-medium-font-size\"><strong>Proiecte<\/strong><\/h3>\n\n\n\n<p class=\"has-text-align-center\">Permanent \u00een cadrul institu\u021biei sunt derulate proiecte variate, la nivel local, regional, jude\u021bean sau chiar interna\u021bional menite s\u0103 sprijine dezvoltarea fiec\u0103rui copil!<\/p>\n\n\n\n<div class=\"wp-block-buttons is-content-justification-center is-layout-flex wp-container-core-buttons-is-layout-a89b3969 wp-block-buttons-is-layout-flex\">\n<div class=\"wp-block-button\"><a class=\"wp-block-button__link wp-element-button\" href=\"https:\/\/cseimontessori.eu\/wp\/proiecte\/\">Proiectele noastre<\/a><\/div>\n<\/div>\n<\/div>\n<\/div>\n\n\n\n<div class=\"wp-block-column is-vertically-aligned-top is-layout-flow wp-block-column-is-layout-flow\">\n<div class=\"wp-block-group umbra-imagine is-vertical is-content-justification-center is-nowrap is-layout-flex wp-container-core-group-is-layout-b60eeacd wp-block-group-is-layout-flex\" style=\"border-width:1px;border-radius:20px;min-height:15rem;padding-top:var(--wp--preset--spacing--10);padding-right:var(--wp--preset--spacing--10);padding-bottom:var(--wp--preset--spacing--10);padding-left:var(--wp--preset--spacing--10)\">\n<h3 class=\"wp-block-heading has-text-align-center has-medium-font-size\"><strong>Activit\u0103\u021bi variate<\/strong><\/h3>\n\n\n\n<p class=\"has-text-align-center\">Complementare activit\u0103\u021bilor \u0219colare, v\u0103 punem la dispozi\u021bie activit\u0103\u021bi extracurriculare variate, desf\u0103\u0219urate de profesori la nivelul claselor sau institu\u021biei.<\/p>\n\n\n\n<div class=\"wp-block-buttons is-content-justification-center is-layout-flex wp-container-core-buttons-is-layout-a89b3969 wp-block-buttons-is-layout-flex\">\n<div class=\"wp-block-button\"><a class=\"wp-block-button__link wp-element-button\" href=\"https:\/\/cseimontessori.eu\/wp\/proiecte\/activitati\/\">Activit\u0103\u021bi extra\u0219colare<\/a><\/div>\n<\/div>\n<\/div>\n<\/div>\n<\/div>\n\n\n\n<div class=\"wp-block-group umbra-imagine is-vertical is-content-justification-center is-layout-flex wp-container-core-group-is-layout-2d05ef23 wp-block-group-is-layout-flex\" style=\"border-width:1px;border-radius:20px;padding-top:var(--wp--preset--spacing--10);padding-right:var(--wp--preset--spacing--10);padding-bottom:var(--wp--preset--spacing--10);padding-left:var(--wp--preset--spacing--10)\">\n<h3 class=\"wp-block-heading has-medium-font-size\"><strong>\u00censcrierea la clasa preg\u0103titoare<\/strong><\/h3>\n\n\n\n<p class=\"has-text-align-center\">V\u0103 invit\u0103m s\u0103 facem cuno\u0219tin\u021b\u0103! Informa\u021bii suplimentare privind \u00eenscrierea elevilor pot fi consultate mai jos. <\/p>\n\n\n\n<div class=\"wp-block-buttons is-content-justification-center is-layout-flex wp-container-core-buttons-is-layout-a89b3969 wp-block-buttons-is-layout-flex\">\n<div class=\"wp-block-button\"><a class=\"wp-block-button__link wp-element-button\" href=\"https:\/\/cseimontessori.eu\/wp\/despre-noi\/oferta-educationala\/\">Ofert\u0103 educa\u021bional\u0103<\/a><\/div>\n\n\n\n<div class=\"wp-block-button\"><a class=\"wp-block-button__link wp-element-button\" href=\"https:\/\/cseimontessori.eu\/wp\/despre-noi\/plan-de-scolarizare\/\">Plan de \u0219colarizare<\/a><\/div>\n\n\n\n<div class=\"wp-block-button\"><a class=\"wp-block-button__link wp-element-button\" href=\"https:\/\/cseimontessori.eu\/wp\/contact\/\">Contact<\/a><\/div>\n<\/div>\n<\/div>\n<\/div>\n<\/div>\n<\/div>\n\n\n\n<div class=\"wp-block-group alignfull has-global-padding is-layout-constrained wp-block-group-is-layout-constrained\" style=\"padding-bottom:var(--wp--preset--spacing--40)\">\n<blockquote class=\"wp-block-quote is-layout-flow wp-block-quote-is-layout-flow\">\n<p class=\"has-text-align-center\">\u201eScopul fundamental al \u0219colii noastre este acela de a preg\u0103ti \u0219i forma copiii pentru via\u021b\u0103 \u0219i activitate. Se urm\u0103re\u0219te dezvoltarea unor capacit\u0103\u021bi fizice \u0219i psihice care s\u0103 dezvolte \u00eensu\u0219irile de personalitate, formarea de comportamente adaptative, s\u0103 creasc\u0103 motiva\u021bia pentru activitate \u0219i \u00eenv\u0103\u021bare.\u201d<\/p>\n<\/blockquote>\n<\/div>\n","protected":false},"excerpt":{"rendered":"<p>Istoric Deviza noastr\u0103 este&nbsp;&#8222;\u0218coal\u0103 pentru fiecare&#8221;&nbsp;de aceea asigur\u0103m participarea la educa\u021bie a tuturor copiilor, promov\u00e2nd diversitatea \u0219i egalitatea, av\u00e2nd \u00een vedere \u00eenv\u0103\u021barea individualizat\u0103. Exper\u021bi \u00een educa\u021bie de peste 50 de ani Unitatea a fost \u00eenfiin\u0163at\u0103 de la data de 01 septembrie 1975 la solicitarea Inspectoratului \u0218colar Jude\u021bean. De la \u00eenfin\u0163are \u015fi p\u00e2n\u0103 la data de [&hellip;]<\/p>\n","protected":false},"author":2,"featured_media":3551,"parent":5142,"menu_order":0,"comment_status":"closed","ping_status":"closed","template":"page-no-title","meta":{"footnotes":""},"class_list":["post-4324","page","type-page","status-publish","has-post-thumbnail","hentry"],"_links":{"self":[{"href":"https:\/\/cseimontessori.eu\/wp\/wp-json\/wp\/v2\/pages\/4324","targetHints":{"allow":["GET"]}}],"collection":[{"href":"https:\/\/cseimontessori.eu\/wp\/wp-json\/wp\/v2\/pages"}],"about":[{"href":"https:\/\/cseimontessori.eu\/wp\/wp-json\/wp\/v2\/types\/page"}],"author":[{"embeddable":true,"href":"https:\/\/cseimontessori.eu\/wp\/wp-json\/wp\/v2\/users\/2"}],"replies":[{"embeddable":true,"href":"https:\/\/cseimontessori.eu\/wp\/wp-json\/wp\/v2\/comments?post=4324"}],"version-history":[{"count":78,"href":"https:\/\/cseimontessori.eu\/wp\/wp-json\/wp\/v2\/pages\/4324\/revisions"}],"predecessor-version":[{"id":12550,"href":"https:\/\/cseimontessori.eu\/wp\/wp-json\/wp\/v2\/pages\/4324\/revisions\/12550"}],"up":[{"embeddable":true,"href":"https:\/\/cseimontessori.eu\/wp\/wp-json\/wp\/v2\/pages\/5142"}],"wp:featuredmedia":[{"embeddable":true,"href":"https:\/\/cseimontessori.eu\/wp\/wp-json\/wp\/v2\/media\/3551"}],"wp:attachment":[{"href":"https:\/\/cseimontessori.eu\/wp\/wp-json\/wp\/v2\/media?parent=4324"}],"curies":[{"name":"wp","href":"https:\/\/api.w.org\/{rel}","templated":true}]}}